{"id":261267,"date":"2025-02-25T20:58:22","date_gmt":"2025-02-25T20:58:22","guid":{"rendered":"https:\/\/selcedu.com\/microcredito-para-cuidar-de-criancas-com-cuidador-residente\/"},"modified":"2025-04-10T18:33:32","modified_gmt":"2025-04-10T18:33:32","slug":"microcredito-para-cuidar-de-criancas-com-cuidador-residente","status":"publish","type":"page","link":"https:\/\/selcedu.com\/pt-br\/cursos-de-microcredenciais\/microcredito-para-cuidar-de-criancas-com-cuidador-residente\/","title":{"rendered":"Microcr\u00e9dito para cuidar de crian\u00e7as com cuidador residente"},"content":{"rendered":"<p>[et_pb_section fb_built=&#8221;1&#8243; admin_label=&#8221;Header&#8221; _builder_version=&#8221;4.27.4&#8243; _module_preset=&#8221;default&#8221; background_color=&#8221;gcid-610d28dd-eb23-4fae-b502-62f0b357c8fd&#8221; background_enable_image=&#8221;off&#8221; locked=&#8221;off&#8221; collapsed=&#8221;off&#8221; global_colors_info=&#8221;{%22gcid-610d28dd-eb23-4fae-b502-62f0b357c8fd%22:%91%22background_color%22%93}&#8221;][et_pb_row column_structure=&#8221;2_3,1_3&#8243; _builder_version=&#8221;4.24.2&#8243; _module_preset=&#8221;default&#8221; max_width=&#8221;1280px&#8221; global_colors_info=&#8221;{}&#8221;][et_pb_column type=&#8221;2_3&#8243; _builder_version=&#8221;4.22.0&#8243; _module_preset=&#8221;default&#8221; global_colors_info=&#8221;{}&#8221;][et_pb_text _builder_version=&#8221;4.27.4&#8243; _module_preset=&#8221;18a8b8ad-7159-4d56-a941-2e384af3eb47&#8243; text_font=&#8221;Montserrat||||||||&#8221; text_text_color=&#8221;gcid-e2b196e6-c1cd-4d7c-835d-4f50d20de00c&#8221; text_font_size=&#8221;22px&#8221; text_line_height=&#8221;2.1em&#8221; header_font=&#8221;Montserrat|700|||||||&#8221; header_font_size=&#8221;72px&#8221; custom_margin=&#8221;||10px||false|false&#8221; global_colors_info=&#8221;{%22gcid-e2b196e6-c1cd-4d7c-835d-4f50d20de00c%22:%91%22text_text_color%22%93}&#8221;]<\/p>\n<p>Obtenha suas microcredenciais de cuidador<\/p>\n<h1>Cuidador residente (cuidados infantis)<\/h1>\n<p>[\/et_pb_text][et_pb_text _builder_version=&#8221;4.27.4&#8243; _module_preset=&#8221;8e1fe94f-1b15-4785-a94b-2770014e4a9c&#8221; text_font=&#8221;Montserrat||||||||&#8221; hover_enabled=&#8221;0&#8243; global_colors_info=&#8221;{}&#8221; sticky_enabled=&#8221;0&#8243;]<\/p>\n<p>Um curso de cuidador desenvolve habilidades em \u00e1reas essenciais, como desenvolvimento infantil e cuidados inclusivos.<\/p>\n<p>Ele oferece certifica\u00e7\u00e3o por meio de programas de treinamento estruturados que incluem m\u00f3dulos sobre orienta\u00e7\u00e3o comportamental, protocolos de sa\u00fade e seguran\u00e7a e a cria\u00e7\u00e3o de ambientes de apoio.<\/p>\n<p>O curso enfatiza as pr\u00e1ticas profissionais de cuidado, orientadas por teorias de desenvolvimento e responsabilidades \u00e9ticas.<\/p>\n<p>[\/et_pb_text][et_pb_image src=&#8221;https:\/\/selcedu.com\/wp-content\/uploads\/2025\/03\/caregiver-micro-certifications.svg&#8221; alt=&#8221;microcertifica\u00e7\u00f5es de cuidadores&#8221; title_text=&#8221;microcertifica\u00e7\u00f5es para cuidadores&#8221; _builder_version=&#8221;4.27.4&#8243; _module_preset=&#8221;default&#8221; max_width=&#8221;80%&#8221; global_colors_info=&#8221;{}&#8221;][\/et_pb_image][\/et_pb_column][et_pb_column type=&#8221;1_3&#8243; _builder_version=&#8221;4.22.0&#8243; _module_preset=&#8221;default&#8221; background_color=&#8221;#FFFFFF&#8221; custom_padding=&#8221;30px|30px|30px|30px|true|true&#8221; custom_padding_tablet=&#8221;30px|30px|30px|30px|true|true&#8221; custom_padding_phone=&#8221;20px|20px|20px|20px|true|true&#8221; custom_padding_last_edited=&#8221;on|phone&#8221; border_radii=&#8221;on|10px|10px|10px|10px&#8221; box_shadow_style=&#8221;preset4&#8243; box_shadow_horizontal=&#8221;0px&#8221; box_shadow_vertical=&#8221;60px&#8221; box_shadow_blur=&#8221;90px&#8221; box_shadow_color=&#8221;rgba(0,0,0,0.08)&#8221; global_colors_info=&#8221;{}&#8221;][et_pb_text _builder_version=&#8221;4.27.4&#8243; _module_preset=&#8221;e2378707-7b0a-48a2-ac5d-437dd3c1a165&#8243; text_font=&#8221;Montserrat||||||||&#8221; header_2_font=&#8221;Montserrat|700|||||||&#8221; custom_margin=&#8221;||10px||false|false&#8221; locked=&#8221;off&#8221; global_colors_info=&#8221;{}&#8221;]<\/p>\n<h2>O que est\u00e1 inclu\u00eddo<\/h2>\n<p>[\/et_pb_text][et_pb_blurb use_icon=&#8221;on&#8221; font_icon=&#8221;&#xf1c8;||fa||900&#8243; icon_color=&#8221;#ed591e&#8221; _builder_version=&#8221;4.27.4&#8243; _module_preset=&#8221;f7206702-2454-4456-8b9d-c16365833bb0&#8243; body_font=&#8221;Montserrat||||||||&#8221; body_text_color=&#8221;#000000&#8243; body_font_size=&#8221;17px&#8221; locked=&#8221;off&#8221; global_colors_info=&#8221;{%22gcid-eba9b965-b9f9-43f5-b7e8-a0591766089f%22:%91%22icon_color%22%93,%22gcid-e2b196e6-c1cd-4d7c-835d-4f50d20de00c%22:%91%22icon_color%22%93}&#8221;]<\/p>\n<p>Sess\u00e3o on-line e em sala de aula<\/p>\n<p>[\/et_pb_blurb][et_pb_blurb use_icon=&#8221;on&#8221; font_icon=&#8221;&#xf133;||fa||900&#8243; icon_color=&#8221;#ed591e&#8221; _builder_version=&#8221;4.27.4&#8243; _module_preset=&#8221;f7206702-2454-4456-8b9d-c16365833bb0&#8243; body_font=&#8221;Montserrat||||||||&#8221; body_text_color=&#8221;#000000&#8243; body_font_size=&#8221;17px&#8221; max_width=&#8221;1280px&#8221; locked=&#8221;off&#8221; global_colors_info=&#8221;{%22gcid-eba9b965-b9f9-43f5-b7e8-a0591766089f%22:%91%22icon_color%22,%22icon_color%22%93,%22gcid-e2b196e6-c1cd-4d7c-835d-4f50d20de00c%22:%91%22icon_color%22%93}&#8221;]<\/p>\n<p>10 semanas de estudo<\/p>\n<p>[\/et_pb_blurb][et_pb_blurb use_icon=&#8221;on&#8221; font_icon=&#8221;&#xf2f2;||fa||900&#8243; icon_color=&#8221;#ed591e&#8221; _builder_version=&#8221;4.27.4&#8243; _module_preset=&#8221;f7206702-2454-4456-8b9d-c16365833bb0&#8243; body_font=&#8221;Montserrat||||||||&#8221; body_text_color=&#8221;#000000&#8243; body_font_size=&#8221;17px&#8221; max_width=&#8221;1280px&#8221; locked=&#8221;off&#8221; global_colors_info=&#8221;{%22gcid-eba9b965-b9f9-43f5-b7e8-a0591766089f%22:%91%22icon_color%22,%22icon_color%22%93,%22gcid-e2b196e6-c1cd-4d7c-835d-4f50d20de00c%22:%91%22icon_color%22%93}&#8221;]<\/p>\n<p>200 horas de aulas<\/p>\n<p>[\/et_pb_blurb][et_pb_text _builder_version=&#8221;4.27.4&#8243; _module_preset=&#8221;21364c9c-f84f-4ddb-9c78-0367e33a9fa1&#8243; text_font=&#8221;Montserrat|700|||||||&#8221; text_font_size=&#8221;19px&#8221; custom_margin=&#8221;||0px||false|false&#8221; locked=&#8221;off&#8221; global_colors_info=&#8221;{}&#8221;]<\/p>\n<p>Instrutor<\/p>\n<p>[\/et_pb_text][et_pb_text _builder_version=&#8221;4.27.4&#8243; _module_preset=&#8221;ddcf3654-05a8-4812-b3c1-3d9d7f8d77ec&#8221; text_font=&#8221;Montserrat||||||||&#8221; locked=&#8221;off&#8221; global_colors_info=&#8221;{}&#8221;]<\/p>\n<p><strong>Luqi<\/strong> com +9 anos de experi\u00eancia<\/p>\n<p>[\/et_pb_text][et_pb_text _builder_version=&#8221;4.27.4&#8243; _module_preset=&#8221;21364c9c-f84f-4ddb-9c78-0367e33a9fa1&#8243; text_font=&#8221;Montserrat|700|||||||&#8221; text_font_size=&#8221;19px&#8221; custom_margin=&#8221;||0px||false|false&#8221; locked=&#8221;off&#8221; global_colors_info=&#8221;{}&#8221;]<\/p>\n<p>Programa\u00e7\u00e3o<\/p>\n<p>[\/et_pb_text][et_pb_text _builder_version=&#8221;4.27.4&#8243; _module_preset=&#8221;ddcf3654-05a8-4812-b3c1-3d9d7f8d77ec&#8221; text_font=&#8221;Montserrat||||||||&#8221; locked=&#8221;off&#8221; global_colors_info=&#8221;{}&#8221;]<\/p>\n<p>Quinta-feira a domingo<\/p>\n<p>[\/et_pb_text][et_pb_button button_url=&#8221;https:\/\/selcedu.com\/pt-br\/formulario-de-inscricao-on-line\/&#8221; url_new_window=&#8221;on&#8221; button_text=&#8221;Inscreva-se agora&#8221; _builder_version=&#8221;4.27.4&#8243; _module_preset=&#8221;06363a6c-4f96-40c1-8d7b-b91f71cedcbe&#8221; button_bg_color=&#8221;gcid-e2b196e6-c1cd-4d7c-835d-4f50d20de00c&#8221; button_border_radius=&#8221;15px&#8221; button_font=&#8221;Montserrat|700|||||||&#8221; locked=&#8221;off&#8221; global_colors_info=&#8221;{%22gcid-e2b196e6-c1cd-4d7c-835d-4f50d20de00c%22:%91%22button_bg_color%22%93}&#8221;][\/et_pb_button][\/et_pb_column][\/et_pb_row][\/et_pb_section][et_pb_section fb_built=&#8221;1&#8243; admin_label=&#8221;Header&#8221; _builder_version=&#8221;4.27.4&#8243; _module_preset=&#8221;default&#8221; background_color=&#8221;gcid-d88780af-9f2b-435a-95eb-61ad43cf376a&#8221; locked=&#8221;off&#8221; collapsed=&#8221;off&#8221; global_colors_info=&#8221;{%22gcid-d88780af-9f2b-435a-95eb-61ad43cf376a%22:%91%22background_color%22%93}&#8221;][et_pb_row column_structure=&#8221;2_3,1_3&#8243; _builder_version=&#8221;4.24.2&#8243; _module_preset=&#8221;default&#8221; max_width=&#8221;1280px&#8221; global_colors_info=&#8221;{}&#8221;][et_pb_column type=&#8221;2_3&#8243; _builder_version=&#8221;4.22.0&#8243; _module_preset=&#8221;default&#8221; global_colors_info=&#8221;{}&#8221;][et_pb_text _builder_version=&#8221;4.27.4&#8243; _module_preset=&#8221;8e1fe94f-1b15-4785-a94b-2770014e4a9c&#8221; text_font=&#8221;Montserrat||||||||&#8221; text_text_color=&#8221;#000000&#8243; global_colors_info=&#8221;{}&#8221;]<\/p>\n<p>Atualmente, os cuidadores de B.C. t\u00eam boas perspectivas de emprego e um ambiente pol\u00edtico favor\u00e1vel. A combina\u00e7\u00e3o da crescente demanda por servi\u00e7os de cuidados infantis e melhorias apoiadas pelo governo (em sal\u00e1rios, treinamento e cria\u00e7\u00e3o de empregos). Embora os sal\u00e1rios iniciais sejam modestos, h\u00e1 um caminho claro para ganhos maiores por meio de experi\u00eancia e educa\u00e7\u00e3o.  <\/p>\n<p>[\/et_pb_text][et_pb_text _builder_version=&#8221;4.27.4&#8243; _module_preset=&#8221;8e1fe94f-1b15-4785-a94b-2770014e4a9c&#8221; text_font=&#8221;Montserrat||||||||&#8221; global_colors_info=&#8221;{}&#8221;]<\/p>\n<div class=\"main-container\">\n<div class=\"info-container\">\n<div class=\"info-box\">\n<h3><a href=\"https:\/\/www.educationplannerbc.ca\/find-your-path\/results\/career\/noc-42202.1-early-childhood-educators-and-assistants?areaOfInterest=&amp;industry=\" target=\"_blank\" rel=\"noopener\" title=\"vagas de emprego na ecea\">Novas vagas de emprego na ECEA<\/a><\/h3>\n<p class=\"value\">6,000<\/p>\n<p class=\"source\">dentro de 5 anos na Col\u00f4mbia Brit\u00e2nica<\/p>\n<\/div>\n<div class=\"info-box\">\n<h3>Sal\u00e1rio m\u00e9dio<\/h3>\n<p class=\"value\">US$ 41.712\/ano<\/p>\n<p class=\"source\">*workbc.ca; 2025<\/p>\n<\/div>\n<\/div>\n<\/div>\n<p>[\/et_pb_text][\/et_pb_column][et_pb_column type=&#8221;1_3&#8243; _builder_version=&#8221;4.22.0&#8243; _module_preset=&#8221;default&#8221; background_color=&#8221;#FFFFFF&#8221; custom_padding=&#8221;30px|30px|30px|30px|true|true&#8221; custom_padding_tablet=&#8221;30px|30px|30px|30px|true|true&#8221; custom_padding_phone=&#8221;20px|20px|20px|20px|true|true&#8221; custom_padding_last_edited=&#8221;on|phone&#8221; border_radii=&#8221;on|10px|10px|10px|10px&#8221; box_shadow_style=&#8221;preset4&#8243; box_shadow_horizontal=&#8221;0px&#8221; box_shadow_vertical=&#8221;60px&#8221; box_shadow_blur=&#8221;90px&#8221; box_shadow_color=&#8221;rgba(0,0,0,0.08)&#8221; global_colors_info=&#8221;{}&#8221;][et_pb_text _builder_version=&#8221;4.27.4&#8243; _module_preset=&#8221;e2378707-7b0a-48a2-ac5d-437dd3c1a165&#8243; text_font=&#8221;Montserrat||||||||&#8221; header_2_font=&#8221;Montserrat|700|||||||&#8221; header_3_font=&#8221;Montserrat|700|||||||&#8221; header_3_font_size=&#8221;18px&#8221; custom_margin=&#8221;||10px||false|false&#8221; locked=&#8221;off&#8221; global_colors_info=&#8221;{}&#8221;]<\/p>\n<h3>Oportunidades de trabalho para assistentes de ECE<\/h3>\n<p>[\/et_pb_text][dsm_icon_list icon_color=&#8221;gcid-e2b196e6-c1cd-4d7c-835d-4f50d20de00c&#8221; list_space_between=&#8221;14px&#8221; _builder_version=&#8221;4.27.4&#8243; _module_preset=&#8221;default&#8221; global_colors_info=&#8221;{%22gcid-e2b196e6-c1cd-4d7c-835d-4f50d20de00c%22:%91%22icon_color%22%93}&#8221;][dsm_icon_list_child text=&#8221;Centros de cuidados infantis (creches)  &#8221; font_icon=&#8221;&#x52;||divi||400&#8243; icon_color=&#8221;gcid-e2b196e6-c1cd-4d7c-835d-4f50d20de00c&#8221; icon_font_size=&#8221;24px&#8221; _builder_version=&#8221;4.27.4&#8243; _module_preset=&#8221;default&#8221; text_font=&#8221;Montserrat||||||||&#8221; text_text_color=&#8221;gcid-d0328ec1-b9c5-42bf-af93-bacd6777b9fa&#8221; global_colors_info=&#8221;{%22gcid-e2b196e6-c1cd-4d7c-835d-4f50d20de00c%22:%91%22icon_color%22%93,%22gcid-d0328ec1-b9c5-42bf-af93-bacd6777b9fa%22:%91%22text_text_color%22%93}&#8221;][\/dsm_icon_list_child][dsm_icon_list_child text=&#8221;Programas pr\u00e9-escolares&#8221; font_icon=&#8221;&#x52;||divi||400&#8243; icon_color=&#8221;gcid-e2b196e6-c1cd-4d7c-835d-4f50d20de00c&#8221; icon_font_size=&#8221;24px&#8221; _builder_version=&#8221;4.27.4&#8243; _module_preset=&#8221;default&#8221; text_font=&#8221;Montserrat||||||||&#8221; text_text_color=&#8221;gcid-d0328ec1-b9c5-42bf-af93-bacd6777b9fa&#8221; global_colors_info=&#8221;{%22gcid-e2b196e6-c1cd-4d7c-835d-4f50d20de00c%22:%91%22icon_color%22%93,%22gcid-d0328ec1-b9c5-42bf-af93-bacd6777b9fa%22:%91%22text_text_color%22%93}&#8221;][\/dsm_icon_list_child][dsm_icon_list_child text=&#8221;Cuidados antes e depois da escola&#8221; font_icon=&#8221;&#x52;||divi||400&#8243; icon_color=&#8221;gcid-e2b196e6-c1cd-4d7c-835d-4f50d20de00c&#8221; icon_font_size=&#8221;24px&#8221; _builder_version=&#8221;4.27.4&#8243; _module_preset=&#8221;default&#8221; text_font=&#8221;Montserrat||||||||&#8221; text_text_color=&#8221;gcid-d0328ec1-b9c5-42bf-af93-bacd6777b9fa&#8221; global_colors_info=&#8221;{%22gcid-e2b196e6-c1cd-4d7c-835d-4f50d20de00c%22:%91%22icon_color%22%93,%22gcid-d0328ec1-b9c5-42bf-af93-bacd6777b9fa%22:%91%22text_text_color%22%93}&#8221;][\/dsm_icon_list_child][dsm_icon_list_child text=&#8221;Creches particulares e vagas de bab\u00e1&#8221; font_icon=&#8221;&#x52;||divi||400&#8243; icon_color=&#8221;gcid-e2b196e6-c1cd-4d7c-835d-4f50d20de00c&#8221; icon_font_size=&#8221;24px&#8221; _builder_version=&#8221;4.27.4&#8243; _module_preset=&#8221;default&#8221; text_font=&#8221;Montserrat||||||||&#8221; text_text_color=&#8221;gcid-d0328ec1-b9c5-42bf-af93-bacd6777b9fa&#8221; global_colors_info=&#8221;{%22gcid-e2b196e6-c1cd-4d7c-835d-4f50d20de00c%22:%91%22icon_color%22%93,%22gcid-d0328ec1-b9c5-42bf-af93-bacd6777b9fa%22:%91%22text_text_color%22%93}&#8221;][\/dsm_icon_list_child][dsm_icon_list_child text=&#8221;Centros de cuidados infantis no local de trabalho ou na faculdade&#8221; font_icon=&#8221;&#x52;||divi||400&#8243; icon_color=&#8221;gcid-e2b196e6-c1cd-4d7c-835d-4f50d20de00c&#8221; icon_font_size=&#8221;24px&#8221; _builder_version=&#8221;4.27.4&#8243; _module_preset=&#8221;default&#8221; text_font=&#8221;Montserrat||||||||&#8221; text_text_color=&#8221;gcid-d0328ec1-b9c5-42bf-af93-bacd6777b9fa&#8221; global_colors_info=&#8221;{%22gcid-e2b196e6-c1cd-4d7c-835d-4f50d20de00c%22:%91%22icon_color%22%93,%22gcid-d0328ec1-b9c5-42bf-af93-bacd6777b9fa%22:%91%22text_text_color%22%93}&#8221;][\/dsm_icon_list_child][\/dsm_icon_list][\/et_pb_column][\/et_pb_row][\/et_pb_section][et_pb_section fb_built=&#8221;1&#8243; admin_label=&#8221;Course Chapters&#8221; _builder_version=&#8221;4.22.0&#8243; _module_preset=&#8221;default&#8221; collapsed=&#8221;off&#8221; global_colors_info=&#8221;{}&#8221;][et_pb_row column_structure=&#8221;1_3,2_3&#8243; _builder_version=&#8221;4.22.0&#8243; _module_preset=&#8221;default&#8221; max_width=&#8221;1280px&#8221; global_colors_info=&#8221;{}&#8221;][et_pb_column type=&#8221;1_3&#8243; _builder_version=&#8221;4.22.0&#8243; _module_preset=&#8221;default&#8221; global_colors_info=&#8221;{}&#8221;][et_pb_image src=&#8221;https:\/\/selcedu.com\/wp-content\/uploads\/2025\/02\/ece-micro-credentials.jpg&#8221; alt=&#8221;microcredencial para a primeira inf\u00e2ncia&#8221; title_text=&#8221;ece-micro-credenciais&#8221; _builder_version=&#8221;4.27.4&#8243; _module_preset=&#8221;default&#8221; global_colors_info=&#8221;{}&#8221;][\/et_pb_image][\/et_pb_column][et_pb_column type=&#8221;2_3&#8243; _builder_version=&#8221;4.22.0&#8243; _module_preset=&#8221;default&#8221; global_colors_info=&#8221;{}&#8221;][et_pb_text _builder_version=&#8221;4.27.4&#8243; _module_preset=&#8221;e2378707-7b0a-48a2-ac5d-437dd3c1a165&#8243; text_font=&#8221;Montserrat||||||||&#8221; text_font_size=&#8221;15px&#8221; text_line_height=&#8221;1.8em&#8221; header_2_font=&#8221;Montserrat|700|||||||&#8221; header_2_text_color=&#8221;gcid-e2b196e6-c1cd-4d7c-835d-4f50d20de00c&#8221; header_2_line_height=&#8221;1.9em&#8221; custom_margin=&#8221;||30px||false|false&#8221; locked=&#8221;off&#8221; global_colors_info=&#8221;{%22gcid-e2b196e6-c1cd-4d7c-835d-4f50d20de00c%22:%91%22header_2_text_color%22%93}&#8221;]<\/p>\n<h2>Cursos de microcredenciais para cuidadores<\/h2>\n<p>[\/et_pb_text][et_pb_text _builder_version=&#8221;4.27.4&#8243; _module_preset=&#8221;e2378707-7b0a-48a2-ac5d-437dd3c1a165&#8243; text_font=&#8221;Montserrat||||||||&#8221; text_text_color=&#8221;#000000&#8243; text_font_size=&#8221;15px&#8221; text_line_height=&#8221;1.9em&#8221; locked=&#8221;off&#8221; global_colors_info=&#8221;{%22gcid-e2b196e6-c1cd-4d7c-835d-4f50d20de00c%22:%91%22header_2_text_color%22%93}&#8221;]<\/p>\n<p>Esses cursos preparam os alunos para trabalhar como assistentes de ECE em uma institui\u00e7\u00e3o de cuidados infantis licenciada. Esses cursos podem levar a uma ocupa\u00e7\u00e3o regulamentada se os alunos optarem por se registrar para obter a certifica\u00e7\u00e3o. O site do \u00f3rg\u00e3o regulador \u00e9 <a href=\"https:\/\/www2.gov.bc.ca\/gov\/content\/education-training\/early-learning\/teach\/training-and-professional-development\/become-an-early-childhood-educator\" target=\"_blank\" rel=\"noopener\" title=\"Registro ECE\">ECE Registry<\/a>.  <\/p>\n<p>Um dos requisitos para trabalhar como assistente de educador da primeira inf\u00e2ncia em uma institui\u00e7\u00e3o de cuidados infantis licenciada na Col\u00fambia Brit\u00e2nica \u00e9 ser certificado pelo Registro de Educa\u00e7\u00e3o da Primeira Inf\u00e2ncia (ECE). O Registro de ECE n\u00e3o reconhece automaticamente os cursos oferecidos pela Faculdade SELC, o que significa que, ap\u00f3s a gradua\u00e7\u00e3o, os alunos ter\u00e3o que solicitar a certifica\u00e7\u00e3o por meio do processo de equival\u00eancia do Registro de ECE, enviando um <a href=\"https:\/\/www2.gov.bc.ca\/assets\/gov\/education\/early-learning\/teach\/ece\/forms\/equivalency_cf4102.pdf\" target=\"_blank\" rel=\"noopener\" title=\"Formul\u00e1rio de solicita\u00e7\u00e3o de equival\u00eancia de certifica\u00e7\u00e3o de educador da primeira inf\u00e2ncia\">formul\u00e1rio de Equival\u00eancia de Solicita\u00e7\u00e3o de Certifica\u00e7\u00e3o de Educador da Primeira Inf\u00e2ncia<\/a>. A Faculdade SELC orientar\u00e1 e apoiar\u00e1 os alunos na conclus\u00e3o do processo. Para obter mais informa\u00e7\u00f5es sobre o pedido de equival\u00eancia e sobre a certifica\u00e7\u00e3o ECE A, os alunos tamb\u00e9m podem acessar o site do ECE Registry.   <\/p>\n<p><em>**Observe que a Faculdade SELC n\u00e3o oferece o programa completo de ECE atualmente; no entanto, estamos na lista de espera do Registro de ECE, na fila para os processos de aprova\u00e7\u00e3o do registro, para que possamos oferecer o programa completo de ECE no futuro.<\/em><\/p>\n<p>[\/et_pb_text][et_pb_accordion _builder_version=&#8221;4.27.4&#8243; _module_preset=&#8221;1882c3e1-0ad0-4c70-a06f-26115227630c&#8221; toggle_level=&#8221;h3&#8243; toggle_font=&#8221;Montserrat|500|||||||&#8221; body_font=&#8221;Montserrat||||||||&#8221; body_text_color=&#8221;#000000&#8243; body_font_size=&#8221;15px&#8221; locked=&#8221;off&#8221; global_colors_info=&#8221;{}&#8221;][et_pb_accordion_item title=&#8221;Ambientes de aprendizado e cuidados infantis da EC  &#8221; open=&#8221;on&#8221; _builder_version=&#8221;4.27.4&#8243; _module_preset=&#8221;default&#8221; global_colors_info=&#8221;{}&#8221;]<\/p>\n<p>Ao conclu\u00edrem este curso, os alunos poder\u00e3o orientar o comportamento das crian\u00e7as usando estrat\u00e9gias positivas e adequadas ao desenvolvimento e, ao mesmo tempo, promover a comunica\u00e7\u00e3o e a express\u00e3o emocional. Eles colaborar\u00e3o com pais e profissionais, apoiar\u00e3o relacionamentos s\u00f3lidos entre cuidadores e crian\u00e7as e incentivar\u00e3o o desenvolvimento social. Al\u00e9m disso, eles facilitar\u00e3o a tomada de decis\u00f5es, a solu\u00e7\u00e3o de problemas e a participa\u00e7\u00e3o na comunidade, enquanto desenvolvem planos de servi\u00e7o individualizados com o envolvimento da fam\u00edlia e da ag\u00eancia.  <\/p>\n<p>[\/et_pb_accordion_item][et_pb_accordion_item title=&#8221;Crescimento e desenvolvimento infantil&#8221; _builder_version=&#8221;4.27.4&#8243; _module_preset=&#8221;default&#8221; global_colors_info=&#8221;{}&#8221; open=&#8221;off&#8221;]<\/p>\n<p>Ap\u00f3s a conclus\u00e3o deste curso, os alunos compreender\u00e3o as teorias de crescimento e desenvolvimento infantil a partir de uma perspectiva transcultural, reconhecendo os principais dom\u00ednios de desenvolvimento, marcos e diferen\u00e7as individuais. Eles aplicar\u00e3o a teoria dos sistemas, demonstrar\u00e3o compet\u00eancia cultural e implementar\u00e3o estrat\u00e9gias inclusivas e antipreconceito. Al\u00e9m disso, desenvolver\u00e3o habilidades de observa\u00e7\u00e3o, avalia\u00e7\u00e3o e planejamento, assegurando as melhores pr\u00e1ticas em cuidados infantis, confidencialidade e conformidade com os protocolos de relat\u00f3rio.  <\/p>\n<p>[\/et_pb_accordion_item][et_pb_accordion_item title=&#8221;Sa\u00fade, seguran\u00e7a e nutri\u00e7\u00e3o na ECE&#8221; _builder_version=&#8221;4.27.4&#8243; _module_preset=&#8221;default&#8221; global_colors_info=&#8221;{}&#8221; open=&#8221;off&#8221;]<\/p>\n<p>Ap\u00f3s a conclus\u00e3o deste curso, os alunos ser\u00e3o capazes de planejar refei\u00e7\u00f5es nutritivas, garantir a sa\u00fade e a seguran\u00e7a por meio da preven\u00e7\u00e3o de doen\u00e7as e les\u00f5es e implementar pol\u00edticas de administra\u00e7\u00e3o de medicamentos e procedimentos de emerg\u00eancia. Eles criar\u00e3o ambientes inclusivos e adequados ao desenvolvimento que atendam a diversas necessidades, mantendo a supervis\u00e3o, os padr\u00f5es de higiene e a confidencialidade. Al\u00e9m disso, eles contribuir\u00e3o para uma din\u00e2mica de equipe eficaz, respeitar\u00e3o a diversidade cultural e familiar, monitorar\u00e3o a sa\u00fade das crian\u00e7as e reconhecer\u00e3o o bem-estar pessoal como parte do crescimento profissional.  <\/p>\n<p>[\/et_pb_accordion_item][\/et_pb_accordion][\/et_pb_column][\/et_pb_row][\/et_pb_section][et_pb_section fb_built=&#8221;1&#8243; admin_label=&#8221;Footer&#8221; _builder_version=&#8221;4.24.2&#8243; _module_preset=&#8221;default&#8221; saved_tabs=&#8221;all&#8221; collapsed=&#8221;on&#8221; global_colors_info=&#8221;{}&#8221;][et_pb_row column_structure=&#8221;1_2,1_2&#8243; make_equal=&#8221;on&#8221; _builder_version=&#8221;4.27.4&#8243; _module_preset=&#8221;default&#8221; background_color=&#8221;gcid-eba9b965-b9f9-43f5-b7e8-a0591766089f&#8221; background_position=&#8221;center_right&#8221; max_width=&#8221;1280px&#8221; overflow-x=&#8221;visible&#8221; overflow-y=&#8221;visible&#8221; custom_margin=&#8221;||30px||false|false&#8221; custom_padding=&#8221;0px||0px||true|false&#8221; border_radii=&#8221;on|10px|10px|10px|10px&#8221; global_colors_info=&#8221;{%22gcid-eba9b965-b9f9-43f5-b7e8-a0591766089f%22:%91%22background_color%22%93}&#8221;][et_pb_column type=&#8221;1_2&#8243; _builder_version=&#8221;4.21.0&#8243; _module_preset=&#8221;default&#8221; custom_padding=&#8221;60px|60px|60px|60px|true|true&#8221; custom_padding_tablet=&#8221;30px|30px|30px|30px|true|true&#8221; custom_padding_phone=&#8221;20px|20px|20px|20px|true|true&#8221; custom_padding_last_edited=&#8221;on|tablet&#8221; global_colors_info=&#8221;{}&#8221;][et_pb_text _builder_version=&#8221;4.27.4&#8243; _module_preset=&#8221;c18c744f-333b-4e9c-a7dc-a69ab2a8c5b9&#8243; text_font=&#8221;Montserrat||||||||&#8221; header_2_text_color=&#8221;#000000&#8243; custom_margin=&#8221;||10px||false|false&#8221; global_colors_info=&#8221;{}&#8221;]<\/p>\n<h2>Aprenda e ganhe<\/h2>\n<p>[\/et_pb_text][et_pb_text _builder_version=&#8221;4.27.4&#8243; _module_preset=&#8221;8e1fe94f-1b15-4785-a94b-2770014e4a9c&#8221; text_font=&#8221;Montserrat||||||||&#8221; text_text_color=&#8221;#000000&#8243; global_colors_info=&#8221;{}&#8221;]Aprenda novas habilidades, obtenha certifica\u00e7\u00f5es reconhecidas e avance em sua carreira &#8211; tudo isso com um treinamento flex\u00edvel e pr\u00e1tico criado para causar impacto imediato no local de trabalho. Com a nossa abordagem &#8220;Aprenda e Ganhe&#8221;, voc\u00ea pode aprimorar suas habilidades rapidamente e permanecer \u00e0 frente em sua \u00e1rea. Comece sua jornada hoje mesmo![\/et_pb_text][et_pb_button button_text=&#8221;Verifique outras microcredenciais&#8221; _builder_version=&#8221;4.27.4&#8243; _module_preset=&#8221;06363a6c-4f96-40c1-8d7b-b91f71cedcbe&#8221; button_border_radius=&#8221;15px&#8221; button_font=&#8221;Montserrat|700|||||||&#8221; global_colors_info=&#8221;{}&#8221;][\/et_pb_button][\/et_pb_column][et_pb_column type=&#8221;1_2&#8243; _builder_version=&#8221;4.22.0&#8243; _module_preset=&#8221;default&#8221; global_colors_info=&#8221;{}&#8221;][et_pb_image src=&#8221;https:\/\/selcedu.com\/wp-content\/uploads\/2025\/02\/virtual-courses-illustration-26@2x.png&#8221; title_text=&#8221;cursos-virtuais-ilustra\u00e7\u00e3o-26@2x&#8221; _builder_version=&#8221;4.27.4&#8243; _module_preset=&#8221;default&#8221; positioning=&#8221;absolute&#8221; position_origin_a=&#8221;bottom_left&#8221; position_origin_a_tablet=&#8221;&#8221; position_origin_a_phone=&#8221;&#8221; position_origin_a_last_edited=&#8221;on|tablet&#8221; position_origin_f_tablet=&#8221;&#8221; position_origin_f_phone=&#8221;&#8221; position_origin_f_last_edited=&#8221;on|tablet&#8221; position_origin_r_tablet=&#8221;&#8221; position_origin_r_phone=&#8221;&#8221; position_origin_r_last_edited=&#8221;on|tablet&#8221; width=&#8221;100%&#8221; scroll_horizontal_motion_enable=&#8221;on&#8221; scroll_horizontal_motion=&#8221;0|100|100|100|-0.5|0|0&#8243; positioning_tablet=&#8221;none&#8221; positioning_phone=&#8221;&#8221; positioning_last_edited=&#8221;on|tablet&#8221; global_colors_info=&#8221;{}&#8221;][\/et_pb_image][\/et_pb_column][\/et_pb_row][\/et_pb_section]<\/p>\n","protected":false},"excerpt":{"rendered":"<p>Obtenha suas microcredenciais de cuidador Cuidador residente (cuidados infantis)Um curso de cuidador desenvolve habilidades em \u00e1reas essenciais, como desenvolvimento infantil e cuidados inclusivos. Ele oferece certifica\u00e7\u00e3o por meio de programas de treinamento estruturados que incluem m\u00f3dulos sobre orienta\u00e7\u00e3o comportamental, protocolos de sa\u00fade e seguran\u00e7a e a cria\u00e7\u00e3o de ambientes de apoio. O curso enfatiza as [&hellip;]<\/p>\n","protected":false},"author":22,"featured_media":0,"parent":261277,"menu_order":0,"comment_status":"closed","ping_status":"closed","template":"","meta":{"_et_pb_use_builder":"on","_et_pb_old_content":"","_et_gb_content_width":"","inline_featured_image":false,"footnotes":""},"class_list":["post-261267","page","type-page","status-publish","hentry"],"_links":{"self":[{"href":"https:\/\/selcedu.com\/pt-br\/wp-json\/wp\/v2\/pages\/261267","targetHints":{"allow":["GET"]}}],"collection":[{"href":"https:\/\/selcedu.com\/pt-br\/wp-json\/wp\/v2\/pages"}],"about":[{"href":"https:\/\/selcedu.com\/pt-br\/wp-json\/wp\/v2\/types\/page"}],"author":[{"embeddable":true,"href":"https:\/\/selcedu.com\/pt-br\/wp-json\/wp\/v2\/users\/22"}],"replies":[{"embeddable":true,"href":"https:\/\/selcedu.com\/pt-br\/wp-json\/wp\/v2\/comments?post=261267"}],"version-history":[{"count":3,"href":"https:\/\/selcedu.com\/pt-br\/wp-json\/wp\/v2\/pages\/261267\/revisions"}],"predecessor-version":[{"id":261703,"href":"https:\/\/selcedu.com\/pt-br\/wp-json\/wp\/v2\/pages\/261267\/revisions\/261703"}],"up":[{"embeddable":true,"href":"https:\/\/selcedu.com\/pt-br\/wp-json\/wp\/v2\/pages\/261277"}],"wp:attachment":[{"href":"https:\/\/selcedu.com\/pt-br\/wp-json\/wp\/v2\/media?parent=261267"}],"curies":[{"name":"wp","href":"https:\/\/api.w.org\/{rel}","templated":true}]}}